{"id":3722,"date":"2022-06-11T09:17:24","date_gmt":"2022-06-11T07:17:24","guid":{"rendered":"https:\/\/ttc1946weinheim.de\/?page_id=3722"},"modified":"2023-03-20T11:56:23","modified_gmt":"2023-03-20T10:56:23","slug":"damen-i-1-bundesliga-2022","status":"publish","type":"page","link":"https:\/\/ttc1946weinheim.de\/?page_id=3722","title":{"rendered":"Damen I &#8211; 1.Bundesliga 2022"},"content":{"rendered":"\t\t<div data-elementor-type=\"wp-post\" data-elementor-id=\"3722\" class=\"elementor elementor-3722\">\n\t\t\t\t\t\t<section class=\"elementor-section elementor-top-section elementor-element elementor-element-ee986b4 elementor-section-boxed elementor-section-height-default elementor-section-height-default\" data-id=\"ee986b4\" data-element_type=\"section\">\n\t\t\t\t\t\t<div class=\"elementor-container elementor-column-gap-default\">\n\t\t\t\t\t<div class=\"elementor-column elementor-col-100 elementor-top-column elementor-element elementor-element-987b2e9\" data-id=\"987b2e9\" data-element_type=\"column\">\n\t\t\t<div class=\"elementor-widget-wrap elementor-element-populated\">\n\t\t\t\t\t\t<div class=\"elementor-element elementor-element-5697db1 elementor-widget elementor-widget-wp-widget-media_image\" data-id=\"5697db1\" data-element_type=\"widget\" data-widget_type=\"wp-widget-media_image.default\">\n\t\t\t\t<div class=\"elementor-widget-container\">\n\t\t\t<img fetchpriority=\"high\" width=\"1200\" height=\"811\" src=\"https:\/\/ttc1946weinheim.de\/wp-content\/uploads\/2022\/09\/Damen_1s.jpg\" class=\"image wp-image-4078  attachment-full size-full\" alt=\"\" decoding=\"async\" style=\"max-width: 100%; height: auto;\" srcset=\"https:\/\/ttc1946weinheim.de\/wp-content\/uploads\/2022\/09\/Damen_1s.jpg 1200w, https:\/\/ttc1946weinheim.de\/wp-content\/uploads\/2022\/09\/Damen_1s-300x203.jpg 300w, https:\/\/ttc1946weinheim.de\/wp-content\/uploads\/2022\/09\/Damen_1s-1024x692.jpg 1024w, https:\/\/ttc1946weinheim.de\/wp-content\/uploads\/2022\/09\/Damen_1s-768x519.jpg 768w\" sizes=\"(max-width: 1200px) 100vw, 1200px\" \/>\t\t<\/div>\n\t\t\t\t<\/div>\n\t\t\t\t\t<\/div>\n\t\t<\/div>\n\t\t\t\t\t<\/div>\n\t\t<\/section>\n\t\t\t\t<section class=\"elementor-section elementor-top-section elementor-element elementor-element-55468c0 elementor-section-boxed elementor-section-height-default elementor-section-height-default\" data-id=\"55468c0\" data-element_type=\"section\">\n\t\t\t\t\t\t<div class=\"elementor-container elementor-column-gap-default\">\n\t\t\t\t\t<div class=\"elementor-column elementor-col-100 elementor-top-column elementor-element elementor-element-9f40c9f\" data-id=\"9f40c9f\" data-element_type=\"column\">\n\t\t\t<div class=\"elementor-widget-wrap elementor-element-populated\">\n\t\t\t\t\t\t<div class=\"elementor-element elementor-element-d967621 elementor-widget elementor-widget-wp-widget-text\" data-id=\"d967621\" data-element_type=\"widget\" data-widget_type=\"wp-widget-text.default\">\n\t\t\t\t<div class=\"elementor-widget-container\">\n\t\t\t\t\t\t<div class=\"textwidget\"><h1> <strong>Saison 2022\/23: 1. Bundesliga Damen r\u00fcstet nochmals auf<\/h1>\n<p><\/strong><\/p>\n<h2><strong>Hier werden die 8 Bundesliga-Vereine vor der Saison unter die Lupe genommen<\/strong><\/h2>\n<div class=\"txt-gray1 m-b-xl\"><span class=\"m-r-l\">Dr. Stephan Roscher<\/span>\u00a0\u00a009.07.2022<\/div>\n<p><strong>Berlin.<\/strong>\u00a0Vor wenigen Tagen hat offiziell die Saison 2022\/23 begonnen. Eine spannende Spielzeit steht den Klubs und den Fans in der 1. Bundesliga Damen bevor. Die st\u00e4rkste Liga Europas hat personell nochmals aufger\u00fcstet und einige interessante Zug\u00e4nge zu verzeichnen. Das Niveau in der Beletage des deutschen Damentischtennis d\u00fcrfte folglich nochmals einen Tick nach oben gehen. Wir stellen die acht Teams vor.<\/p>\n<p align=\"Right\"><a href=\"https:\/\/ttc1946weinheim.de\/?page_id=3844\"><strong>weiterlesen<\/strong><\/a><\/p>\n<\/div>\n<\/div>\n\t\t\t\t<\/div>\n\t\t\t\t<\/div>\n\t\t\t\t\t<\/div>\n\t\t<\/div>\n\t\t\t\t\t<\/div>\n\t\t<\/section>\n\t\t\t\t<section class=\"elementor-section elementor-top-section elementor-element elementor-element-c7a6c15 elementor-section-boxed elementor-section-height-default elementor-section-height-default\" data-id=\"c7a6c15\" data-element_type=\"section\">\n\t\t\t\t\t\t<div class=\"elementor-container elementor-column-gap-default\">\n\t\t\t\t\t<div class=\"elementor-column elementor-col-100 elementor-top-column elementor-element elementor-element-8a52988\" data-id=\"8a52988\" data-element_type=\"column\">\n\t\t\t<div class=\"elementor-widget-wrap elementor-element-populated\">\n\t\t\t\t\t\t<div class=\"elementor-element elementor-element-90e24bd elementor-widget elementor-widget-text-editor\" data-id=\"90e24bd\" data-element_type=\"widget\" data-widget_type=\"text-editor.default\">\n\t\t\t\t<div class=\"elementor-widget-container\">\n\t\t\t\t\t\t\t<h2 style=\"text-align: center;\"><strong><a href=\"https:\/\/www.mytischtennis.de\/clicktt\/BaTTV\/22-23\/ligen\/1-Bundesliga-Damen\/gruppe\/413267\/tabelle\/gesamt\/\" target=\"_blank\" rel=\"noopener\">Aktuelle Tabelle der 1. Bundesliga der Damen<\/a><\/strong><\/h2>\t\t\t\t\t\t<\/div>\n\t\t\t\t<\/div>\n\t\t\t\t\t<\/div>\n\t\t<\/div>\n\t\t\t\t\t<\/div>\n\t\t<\/section>\n\t\t\t\t<section class=\"elementor-section elementor-top-section elementor-element elementor-element-0d13c22 elementor-section-boxed elementor-section-height-default elementor-section-height-default\" data-id=\"0d13c22\" data-element_type=\"section\">\n\t\t\t\t\t\t<div class=\"elementor-container elementor-column-gap-default\">\n\t\t\t\t\t<div class=\"elementor-column elementor-col-100 elementor-top-column elementor-element elementor-element-ccbba2d\" data-id=\"ccbba2d\" data-element_type=\"column\">\n\t\t\t<div class=\"elementor-widget-wrap elementor-element-populated\">\n\t\t\t\t\t\t<div class=\"elementor-element elementor-element-f06acfe elementor-widget elementor-widget-wp-widget-text\" data-id=\"f06acfe\" data-element_type=\"widget\" data-widget_type=\"wp-widget-text.default\">\n\t\t\t\t<div class=\"elementor-widget-container\">\n\t\t\t\t\t\t<div class=\"textwidget\"><table width=\"405\">\n<tbody>\n<tr>\n<td width=\"40\">Vorrunde<\/td>\n<td width=\"30\"><\/td>\n<td width=\"6\"><\/td>\n<td width=\"30\"><\/td>\n<\/tr>\n<tr>\n<td><\/td>\n<td><\/td>\n<td><\/td>\n<td><\/td>\n<\/tr>\n<tr>\n<td>SO 11.09.22 14:00 Uhr<\/td>\n<td>Weinheim<\/td>\n<td><strong><a href=\"https:\/\/ttc1946weinheim.de\/?p=4102\">6-2<\/a><\/strong><\/td>\n<td>Bingen<\/td>\n<\/tr>\n<tr>\n<td>SA 24.09.22 14:00 Uhr<\/td>\n<td>Schwabhausen<\/td>\n<td><a href=\"https:\/\/ttc1946weinheim.de\/?p=4164\"><strong>6:2<\/strong><\/a><\/td>\n<td>Weinheim<\/td>\n<\/tr>\n<tr>\n<td>SO 25.09.22 14:00 Uhr<\/td>\n<td>Kolbermoor<\/td>\n<td><a href=\"https:\/\/ttc1946weinheim.de\/?p=4164\"><strong>5:5<\/strong><\/a><\/td>\n<td>Weinheim<\/td>\n<\/tr>\n<tr>\n<td>SO 13.11.22 14:00 Uhr<\/td>\n<td>Weinheim<\/td>\n<td><a href=\"https:\/\/ttc1946weinheim.de\/?p=4214\"><strong>2:6<\/strong><\/a><\/td>\n<td>Langstadt<\/td>\n<\/tr>\n<tr>\n<td>SO 20.11.22 14:00 Uhr<\/td>\n<td>Weinheim<\/td>\n<td><a href=\"https:\/\/ttc1946weinheim.de\/?p=4226\"><strong>6:4<\/strong><\/a><\/td>\n<td>Weil<\/td>\n<\/tr>\n<tr>\n<td>SA 26.11.22 17:30 Uhr<\/td>\n<td>Weinheim<\/td>\n<td><strong><a href=\"https:\/\/ttc1946weinheim.de\/?p=4250\">6:2<\/a><\/strong><\/td>\n<td>Berlin<\/td>\n<\/tr>\n<tr>\n<td>SO 27.11.22 10:30 Uhr<\/td>\n<td>B\u00f6blingen<\/td>\n<td><strong><a href=\"https:\/\/ttc1946weinheim.de\/?p=4250\">3:6<\/a><\/strong><\/td>\n<td>Weinheim<\/td>\n<\/tr>\n<tr>\n<td><\/td>\n<td><\/td>\n<td><\/td>\n<td><\/td>\n<\/tr>\n<tr>\n<td>R\u00fcckrunde<\/td>\n<td><\/td>\n<td><\/td>\n<td><\/td>\n<\/tr>\n<tr>\n<td><\/td>\n<td><\/td>\n<td><\/td>\n<td><\/td>\n<\/tr>\n<tr>\n<td>SO 22.01.23 14:00 Uhr<\/td>\n<td>Bingen<\/td>\n<td><a href=\"https:\/\/ttc1946weinheim.de\/?p=4378\"><strong>3:6<\/strong><\/a><\/td>\n<td>Weinheim<\/td>\n<\/tr>\n<tr>\n<td>FR 27.01.23 19:30 Uhr<\/td>\n<td>Weinheim<\/td>\n<td><a href=\"https:\/\/ttc1946weinheim.de\/?p=4466\"><strong>6:4<\/strong><\/a><\/td>\n<td>Berlin<\/td>\n<\/tr>\n<tr>\n<td>SO 29.01.23 14:00 Uhr<\/td>\n<td>Weinheim<\/td>\n<td><a href=\"https:\/\/ttc1946weinheim.de\/?p=4477\"><strong>5:5<\/strong><\/a><\/td>\n<td>Kolbermoor<\/td>\n<\/tr>\n<tr>\n<td>SA 04.02.23 17:30 Uhr<\/td>\n<td>Weinheim<\/td>\n<td><a href=\"https:\/\/ttc1946weinheim.de\/?p=4503\"><strong>6:2<\/strong><\/a><\/td>\n<td>B\u00f6blingen<\/td>\n<\/tr>\n<tr>\n<td>SO 05.02.23 14:00 Uhr<\/td>\n<td>Weil<\/td>\n<td><a href=\"https:\/\/ttc1946weinheim.de\/?p=4503\"><strong>1:6<\/strong><\/a><\/td>\n<td>Weinheim<\/td>\n<\/tr>\n<tr>\n<td>SO 26.02.23 14:00 Uhr<\/td>\n<td>Langstadt<\/td>\n<td><a href=\"https:\/\/ttc1946weinheim.de\/?p=4572\"><strong>1:6<\/strong><\/a><\/td>\n<td>Weinheim<\/td>\n<\/tr>\n<tr>\n<td>SO 19.03.23 14.00 Uhr<\/td>\n<td>Weinheim<\/td>\n<td><a href=\"https:\/\/ttc1946weinheim.de\/?p=4610\"><strong>6:2<\/strong><\/a><\/td>\n<td>Schwabhausen<\/td>\n<\/tr>\n<\/tbody>\n<\/table>\n<\/div>\n\t\t\t\t<\/div>\n\t\t\t\t<\/div>\n\t\t\t\t\t<\/div>\n\t\t<\/div>\n\t\t\t\t\t<\/div>\n\t\t<\/section>\n\t\t\t\t<section class=\"elementor-section elementor-top-section elementor-element elementor-element-3ac8ebde elementor-section-boxed elementor-section-height-default elementor-section-height-default\" data-id=\"3ac8ebde\" data-element_type=\"section\">\n\t\t\t\t\t\t<div class=\"elementor-container elementor-column-gap-default\">\n\t\t\t\t\t<div class=\"elementor-column elementor-col-100 elementor-top-column elementor-element elementor-element-7f1ecfbf\" data-id=\"7f1ecfbf\" data-element_type=\"column\">\n\t\t\t<div class=\"elementor-widget-wrap elementor-element-populated\">\n\t\t\t\t\t\t<div class=\"elementor-element elementor-element-5d94abcc elementor-widget elementor-widget-text-editor\" data-id=\"5d94abcc\" data-element_type=\"widget\" data-widget_type=\"text-editor.default\">\n\t\t\t\t<div class=\"elementor-widget-container\">\n\t\t\t\t\t\t\t<h3 style=\"text-align: center;\">\u00a0<\/h3><h3 style=\"text-align: center;\"><span style=\"color: #000000;\"><strong>Die Damenmannschaft in der 1.Bundesliga 2022\/23<\/strong><\/span><\/h3>\t\t\t\t\t\t<\/div>\n\t\t\t\t<\/div>\n\t\t\t\t\t<\/div>\n\t\t<\/div>\n\t\t\t\t\t<\/div>\n\t\t<\/section>\n\t\t\t\t<section class=\"elementor-section elementor-top-section elementor-element elementor-element-799c82a elementor-section-boxed elementor-section-height-default elementor-section-height-default\" data-id=\"799c82a\" data-element_type=\"section\">\n\t\t\t\t\t\t<div class=\"elementor-container elementor-column-gap-default\">\n\t\t\t\t\t<div class=\"elementor-column elementor-col-50 elementor-top-column elementor-element elementor-element-d64c3d6\" data-id=\"d64c3d6\" data-element_type=\"column\">\n\t\t\t<div class=\"elementor-widget-wrap elementor-element-populated\">\n\t\t\t\t\t\t<div class=\"elementor-element elementor-element-a3bb75f elementor-widget elementor-widget-image\" data-id=\"a3bb75f\" data-element_type=\"widget\" data-widget_type=\"image.default\">\n\t\t\t\t<div class=\"elementor-widget-container\">\n\t\t\t\t\t\t\t\t\t\t\t\t\t<img decoding=\"async\" width=\"300\" height=\"330\" src=\"https:\/\/ttc1946weinheim.de\/wp-content\/uploads\/2022\/09\/B_Takahashi.jpg\" class=\"attachment-large size-large wp-image-4077\" alt=\"\" srcset=\"https:\/\/ttc1946weinheim.de\/wp-content\/uploads\/2022\/09\/B_Takahashi.jpg 300w, https:\/\/ttc1946weinheim.de\/wp-content\/uploads\/2022\/09\/B_Takahashi-273x300.jpg 273w\" sizes=\"(max-width: 300px) 100vw, 300px\" \/>\t\t\t\t\t\t\t\t\t\t\t\t\t<\/div>\n\t\t\t\t<\/div>\n\t\t\t\t\t<\/div>\n\t\t<\/div>\n\t\t\t\t<div class=\"elementor-column elementor-col-50 elementor-top-column elementor-element elementor-element-9ec69ca\" data-id=\"9ec69ca\" data-element_type=\"column\">\n\t\t\t<div class=\"elementor-widget-wrap elementor-element-populated\">\n\t\t\t\t\t\t<div class=\"elementor-element elementor-element-4c39eb8 elementor-widget elementor-widget-text-editor\" data-id=\"4c39eb8\" data-element_type=\"widget\" data-widget_type=\"text-editor.default\">\n\t\t\t\t<div class=\"elementor-widget-container\">\n\t\t\t\t\t\t\t<p><span style=\"color: #000000;\"><strong>Name: Bruna Takahashi<\/strong><\/span><br \/><span style=\"color: #000000;\">Geboren: 19.07.2000 in S\u00e3o Bernardo do Campo, S\u00e3o Paulo<\/span><br \/><span style=\"color: #000000;\">Nationalit\u00e4t: Brasilien<\/span><br \/><span style=\"color: #000000;\">QTTR\u00a0\u00a0 2273<br \/>\u00a0\u00a0 Weltrangliste Nr. 19<\/span><br \/><span style=\"color: #000000;\">Gr\u00f6\u00dfe: 170 cm<\/span><br \/><span style=\"color: #000000;\">Wohnort:\u00a0 <\/span><br \/><span style=\"color: #000000;\">Bisherige Vereine: \u00a0\u00a0 Sporting Lissabon<br \/>\u00a0\u00a0 2. Saison beim TTC 46<\/span><br \/><span style=\"color: #000000;\">Spielertyp: <\/span><br \/><span style=\"color: #000000;\">\u00a0\u00a0 Angriff, Shakehand, Rechtsh\u00e4nderin<\/span><br \/><span style=\"color: #000000;\">Erfolge <\/span><br \/><span style=\"color: #000000;\">\u00a0<\/span><span style=\"color: #000000;\">\u00a0 4 Medaillen panamerikanische Spiele 2019<br \/>\u00a0\u00a0 s\u00fcdamerikanische Meisterin 2018<br \/>\u00a0\u00a0 lateinamerikanische Meisterin 2018<br \/>\u00a0\u00a0 panamerikanische Meisterin 2017 U18<br \/>\u00a0\u00a0 Weltmeisterin der Kadetten 2015<br \/><\/span><\/p>\t\t\t\t\t\t<\/div>\n\t\t\t\t<\/div>\n\t\t\t\t\t<\/div>\n\t\t<\/div>\n\t\t\t\t\t<\/div>\n\t\t<\/section>\n\t\t\t\t<section class=\"elementor-section elementor-top-section elementor-element elementor-element-c9b6fe3 elementor-section-boxed elementor-section-height-default elementor-section-height-default\" data-id=\"c9b6fe3\" data-element_type=\"section\">\n\t\t\t\t\t\t<div class=\"elementor-container elementor-column-gap-default\">\n\t\t\t\t\t<div class=\"elementor-column elementor-col-50 elementor-top-column elementor-element elementor-element-cfc59e7\" data-id=\"cfc59e7\" data-element_type=\"column\">\n\t\t\t<div class=\"elementor-widget-wrap elementor-element-populated\">\n\t\t\t\t\t\t<div class=\"elementor-element elementor-element-69112de elementor-widget elementor-widget-image\" data-id=\"69112de\" data-element_type=\"widget\" data-widget_type=\"image.default\">\n\t\t\t\t<div class=\"elementor-widget-container\">\n\t\t\t\t\t\t\t\t\t\t\t\t\t<img decoding=\"async\" width=\"300\" height=\"343\" src=\"https:\/\/ttc1946weinheim.de\/wp-content\/uploads\/2019\/07\/Rachel-Sung-p.jpg\" class=\"attachment-large size-large wp-image-1786\" alt=\"\" srcset=\"https:\/\/ttc1946weinheim.de\/wp-content\/uploads\/2019\/07\/Rachel-Sung-p.jpg 300w, https:\/\/ttc1946weinheim.de\/wp-content\/uploads\/2019\/07\/Rachel-Sung-p-262x300.jpg 262w\" sizes=\"(max-width: 300px) 100vw, 300px\" \/>\t\t\t\t\t\t\t\t\t\t\t\t\t<\/div>\n\t\t\t\t<\/div>\n\t\t\t\t\t<\/div>\n\t\t<\/div>\n\t\t\t\t<div class=\"elementor-column elementor-col-50 elementor-top-column elementor-element elementor-element-55a1bbc\" data-id=\"55a1bbc\" data-element_type=\"column\">\n\t\t\t<div class=\"elementor-widget-wrap elementor-element-populated\">\n\t\t\t\t\t\t<div class=\"elementor-element elementor-element-a08f77b elementor-widget elementor-widget-text-editor\" data-id=\"a08f77b\" data-element_type=\"widget\" data-widget_type=\"text-editor.default\">\n\t\t\t\t<div class=\"elementor-widget-container\">\n\t\t\t\t\t\t\t<p><span style=\"color: #000000;\"><strong>Name: Rachel Sung,<\/strong> <\/span><br \/><span style=\"color: #000000;\">Geboren: 09.07.2004 in Mountain View<\/span><br \/><span style=\"color: #000000;\">Nationalit\u00e4t: USA, <\/span><br \/><span style=\"color: #000000;\">QTTR\u00a0 2219<\/span><br \/><span style=\"color: #000000;\">Gr\u00f6\u00dfe: 170 cm<\/span><br \/><span style=\"color: #000000;\">Spielart: Shakehand,Angriff, Linksh\u00e4nderin<\/span><br \/><span style=\"color: #000000;\">Hobby: Lesen, Musik,<\/span><br \/><span style=\"color: #000000;\">bes. Erfolge: US-Meisterschaften 1. Platz bei U15 und 2. Platz bei U18<\/span><br \/><span style=\"color: #000000;\">2018<\/span><\/p>\t\t\t\t\t\t<\/div>\n\t\t\t\t<\/div>\n\t\t\t\t\t<\/div>\n\t\t<\/div>\n\t\t\t\t\t<\/div>\n\t\t<\/section>\n\t\t\t\t<section class=\"elementor-section elementor-top-section elementor-element elementor-element-9c691e6 elementor-section-boxed elementor-section-height-default elementor-section-height-default\" data-id=\"9c691e6\" data-element_type=\"section\">\n\t\t\t\t\t\t<div class=\"elementor-container elementor-column-gap-default\">\n\t\t\t\t\t<div class=\"elementor-column elementor-col-33 elementor-top-column elementor-element elementor-element-e95baa9\" data-id=\"e95baa9\" data-element_type=\"column\">\n\t\t\t<div class=\"elementor-widget-wrap elementor-element-populated\">\n\t\t\t\t\t\t<div class=\"elementor-element elementor-element-c6f2b25 elementor-widget elementor-widget-image\" data-id=\"c6f2b25\" data-element_type=\"widget\" data-widget_type=\"image.default\">\n\t\t\t\t<div class=\"elementor-widget-container\">\n\t\t\t\t\t\t\t\t\t\t\t\t\t<img loading=\"lazy\" decoding=\"async\" width=\"300\" height=\"330\" src=\"https:\/\/ttc1946weinheim.de\/wp-content\/uploads\/2022\/09\/Y_Wan.jpg\" class=\"attachment-large size-large wp-image-4084\" alt=\"\" srcset=\"https:\/\/ttc1946weinheim.de\/wp-content\/uploads\/2022\/09\/Y_Wan.jpg 300w, https:\/\/ttc1946weinheim.de\/wp-content\/uploads\/2022\/09\/Y_Wan-273x300.jpg 273w\" sizes=\"(max-width: 300px) 100vw, 300px\" \/>\t\t\t\t\t\t\t\t\t\t\t\t\t<\/div>\n\t\t\t\t<\/div>\n\t\t\t\t\t<\/div>\n\t\t<\/div>\n\t\t\t\t<div class=\"elementor-column elementor-col-33 elementor-top-column elementor-element elementor-element-cc54ea7\" data-id=\"cc54ea7\" data-element_type=\"column\">\n\t\t\t<div class=\"elementor-widget-wrap elementor-element-populated\">\n\t\t\t\t\t\t<div class=\"elementor-element elementor-element-0823852 elementor-widget elementor-widget-wp-widget-text\" data-id=\"0823852\" data-element_type=\"widget\" data-widget_type=\"wp-widget-text.default\">\n\t\t\t\t<div class=\"elementor-widget-container\">\n\t\t\t\t\t\t<div class=\"textwidget\"><p><span style=\"color: #000000\"><strong>Name: Yuan Wan<\/strong><br \/>\nGeboren: 23.05.1997 in Eberswalde<br \/>\nNationalit\u00e4t: deutsch<br \/>\nQTTR\u00a0 2162<br \/>\nGr\u00f6\u00dfe:<br \/>\nWeltranglistenplatz<br \/>\nWohnort:\u00a0 D\u00fcsseldorf<br \/>\nBisherige Vereine: \u00a0\u00a0 2003 VfL Tegel,<br \/>\n2007 TV Busenbach<br \/>\n2010 TB Wilferdingen<br \/>\n2012 WRW Kleve<br \/>\n2013 TTG Bingen<br \/>\n2020 DJK Kolbermoor<br \/>\nSpielertyp:<br \/>\nAngriff, Shakehand, Rechtsh\u00e4nderin<br \/>\nErfolge:\u00a0 Nigeria Open Mixed Gold<br \/>\nFeeder D\u00fcsseldorf Doppel Gold<br \/>\n3. Platz DM Einzel<\/span><\/p>\n<\/div>\n\t\t\t\t<\/div>\n\t\t\t\t<\/div>\n\t\t\t\t\t<\/div>\n\t\t<\/div>\n\t\t\t\t<div class=\"elementor-column elementor-col-33 elementor-top-column elementor-element elementor-element-2c7a053\" data-id=\"2c7a053\" data-element_type=\"column\">\n\t\t\t<div class=\"elementor-widget-wrap elementor-element-populated\">\n\t\t\t\t\t\t<div class=\"elementor-element elementor-element-603c554 elementor-widget elementor-widget-text-editor\" data-id=\"603c554\" data-element_type=\"widget\" data-widget_type=\"text-editor.default\">\n\t\t\t\t<div class=\"elementor-widget-container\">\n\t\t\t\t\t\t\t<span style=\"color: #000000;\">Yuan Wan war gerade in den Schlagzeilen.\nBei den deutschen Meisterschaften Ende Juni in Saarbr\u00fccken konnte sie sich zwei Meistertitel und einen dritten Platz erspielen. Im Damendoppel stand sie mit Chantal Mantz ganz oben auf dem Treppchen, und im Mixed war ihr der Titel zusammen mit Cedric Meissner nicht zu nehmen. Im Einzel war im Halbfinale Schluss bei einer Niederlage gegen die Europameisterin Ying Han.<\/span>\n<p align=\"Right\"><a href=\"https:\/\/ttc1946weinheim.de\/?page_id=3806\"><strong>weiterlesen<\/strong><\/a><\/p>\t\t\t\t\t\t<\/div>\n\t\t\t\t<\/div>\n\t\t\t\t\t<\/div>\n\t\t<\/div>\n\t\t\t\t\t<\/div>\n\t\t<\/section>\n\t\t\t\t<section class=\"elementor-section elementor-top-section elementor-element elementor-element-b8aea3b elementor-section-boxed elementor-section-height-default elementor-section-height-default\" data-id=\"b8aea3b\" data-element_type=\"section\">\n\t\t\t\t\t\t<div class=\"elementor-container elementor-column-gap-default\">\n\t\t\t\t\t<div class=\"elementor-column elementor-col-33 elementor-top-column elementor-element elementor-element-f8ab159\" data-id=\"f8ab159\" data-element_type=\"column\">\n\t\t\t<div class=\"elementor-widget-wrap elementor-element-populated\">\n\t\t\t\t\t\t<div class=\"elementor-element elementor-element-0a5a932 elementor-widget elementor-widget-image\" data-id=\"0a5a932\" data-element_type=\"widget\" data-widget_type=\"image.default\">\n\t\t\t\t<div class=\"elementor-widget-container\">\n\t\t\t\t\t\t\t\t\t\t\t\t\t<img loading=\"lazy\" decoding=\"async\" width=\"300\" height=\"330\" src=\"https:\/\/ttc1946weinheim.de\/wp-content\/uploads\/2022\/09\/M_Jeger.jpg\" class=\"attachment-large size-large wp-image-4082\" alt=\"\" srcset=\"https:\/\/ttc1946weinheim.de\/wp-content\/uploads\/2022\/09\/M_Jeger.jpg 300w, https:\/\/ttc1946weinheim.de\/wp-content\/uploads\/2022\/09\/M_Jeger-273x300.jpg 273w\" sizes=\"(max-width: 300px) 100vw, 300px\" \/>\t\t\t\t\t\t\t\t\t\t\t\t\t<\/div>\n\t\t\t\t<\/div>\n\t\t\t\t\t<\/div>\n\t\t<\/div>\n\t\t\t\t<div class=\"elementor-column elementor-col-33 elementor-top-column elementor-element elementor-element-3b647c3\" data-id=\"3b647c3\" data-element_type=\"column\">\n\t\t\t<div class=\"elementor-widget-wrap elementor-element-populated\">\n\t\t\t\t\t\t<div class=\"elementor-element elementor-element-073b6ec elementor-widget elementor-widget-text-editor\" data-id=\"073b6ec\" data-element_type=\"widget\" data-widget_type=\"text-editor.default\">\n\t\t\t\t<div class=\"elementor-widget-container\">\n\t\t\t\t\t\t\t<p><span style=\"color: #000000;\"><strong>Name: Mateja Jeger<br \/><\/strong><\/span><span style=\"color: #000000;\">Geboren: 13.01.1995 in Zagreb<br \/>Nationalit\u00e4t: Kroatien<br \/>QTTR\u00a0\u00a0 2183<br \/>Gr\u00f6\u00dfe<br \/>Wohnort:\u00a0 Zagreb<br \/>Bisherige Vereine: \u00a0\u00a0 Zagreb<br \/>2016 TSV Schwabhausen<br \/>Spielertyp<br \/>Angriff, Shakehand, Rechtsh\u00e4nderin<br \/>Erfolge national (Kroatien)<br \/>2. bei nationalen Meisterschaften Einzel<br \/>Europameisterschaften letzte 32<br \/><br \/><\/span><\/p>\t\t\t\t\t\t<\/div>\n\t\t\t\t<\/div>\n\t\t\t\t\t<\/div>\n\t\t<\/div>\n\t\t\t\t<div class=\"elementor-column elementor-col-33 elementor-top-column elementor-element elementor-element-0f705de\" data-id=\"0f705de\" data-element_type=\"column\">\n\t\t\t<div class=\"elementor-widget-wrap elementor-element-populated\">\n\t\t\t\t\t\t<div class=\"elementor-element elementor-element-e214b2e elementor-widget elementor-widget-wp-widget-text\" data-id=\"e214b2e\" data-element_type=\"widget\" data-widget_type=\"wp-widget-text.default\">\n\t\t\t\t<div class=\"elementor-widget-container\">\n\t\t\t\t\t\t<div class=\"textwidget\"><p><span style=\"color: #000000\">Die Kroatin wurde am 13.01.1995 in Zagreb geboren, wo sie auch heute noch wohnt und von wo sie jeweils zu den Spielen anreist. Sie spielte auch viele Jahre f\u00fcr Clubs in Zagreb, bevor sie 2016 vom damaligen Zweit-Bundesligisten TSV Schwabhausen verpflichtet wurde.<\/span><\/p>\n<p align=\"Right\"><a href=\"https:\/\/ttc1946weinheim.de\/?page_id=3859\"><strong>weiterlesen<\/strong><\/a><\/p>\n<\/div>\n\t\t\t\t<\/div>\n\t\t\t\t<\/div>\n\t\t\t\t\t<\/div>\n\t\t<\/div>\n\t\t\t\t\t<\/div>\n\t\t<\/section>\n\t\t\t\t<section class=\"elementor-section elementor-top-section elementor-element elementor-element-7ce958c elementor-section-boxed elementor-section-height-default elementor-section-height-default\" data-id=\"7ce958c\" data-element_type=\"section\">\n\t\t\t\t\t\t<div class=\"elementor-container elementor-column-gap-default\">\n\t\t\t\t\t<div class=\"elementor-column elementor-col-33 elementor-top-column elementor-element elementor-element-d0da1f2\" data-id=\"d0da1f2\" data-element_type=\"column\">\n\t\t\t<div class=\"elementor-widget-wrap elementor-element-populated\">\n\t\t\t\t\t\t<div class=\"elementor-element elementor-element-afa23a9 elementor-widget elementor-widget-image\" data-id=\"afa23a9\" data-element_type=\"widget\" data-widget_type=\"image.default\">\n\t\t\t\t<div class=\"elementor-widget-container\">\n\t\t\t\t\t\t\t\t\t\t\t\t\t<img loading=\"lazy\" decoding=\"async\" width=\"300\" height=\"330\" src=\"https:\/\/ttc1946weinheim.de\/wp-content\/uploads\/2022\/09\/G_Piccolin.jpg\" class=\"attachment-large size-large wp-image-4079\" alt=\"\" srcset=\"https:\/\/ttc1946weinheim.de\/wp-content\/uploads\/2022\/09\/G_Piccolin.jpg 300w, https:\/\/ttc1946weinheim.de\/wp-content\/uploads\/2022\/09\/G_Piccolin-273x300.jpg 273w\" sizes=\"(max-width: 300px) 100vw, 300px\" \/>\t\t\t\t\t\t\t\t\t\t\t\t\t<\/div>\n\t\t\t\t<\/div>\n\t\t\t\t\t<\/div>\n\t\t<\/div>\n\t\t\t\t<div class=\"elementor-column elementor-col-33 elementor-top-column elementor-element elementor-element-bba7837\" data-id=\"bba7837\" data-element_type=\"column\">\n\t\t\t<div class=\"elementor-widget-wrap elementor-element-populated\">\n\t\t\t\t\t\t<div class=\"elementor-element elementor-element-dedbb12 elementor-widget elementor-widget-wp-widget-text\" data-id=\"dedbb12\" data-element_type=\"widget\" data-widget_type=\"wp-widget-text.default\">\n\t\t\t\t<div class=\"elementor-widget-container\">\n\t\t\t\t\t\t<div class=\"textwidget\"><p><span style=\"color: #000000\"><strong>Name: Giorgia Piccolin<\/strong><br \/>\nGeboren: 15.01.1996 in Bozen<br \/>\nNationalit\u00e4t: Italien<br \/>\nQTTR\u00a0\u00a0 2123<br \/>\nGr\u00f6\u00dfe:<br \/>\nWohnort:\u00a0 Bozen<br \/>\nBisherige Vereine:\u00a0\u00a0 2007 Tramin<br \/>\n2015 Cortemaggiore<br \/>\n2018 Bingen<br \/>\nSpielertyp:<br \/>\nAngriff, Shakehand, Rechtsh\u00e4nderin<br \/>\nErfolge national (Italien)<br \/>\n2019, 2020, 2021 1.Platz ital. Meisterschaften<br \/>\nWeltmeisterschaften 2021 letzte 64<br \/>\nFeeder D\u00fcsseldorf Einzel Halbfinale, Doppel Finale<\/p>\n<\/div>\n\t\t\t\t<\/div>\n\t\t\t\t<\/div>\n\t\t\t\t\t<\/div>\n\t\t<\/div>\n\t\t\t\t<div class=\"elementor-column elementor-col-33 elementor-top-column elementor-element elementor-element-77d6e90\" data-id=\"77d6e90\" data-element_type=\"column\">\n\t\t\t<div class=\"elementor-widget-wrap elementor-element-populated\">\n\t\t\t\t\t\t<div class=\"elementor-element elementor-element-524f841 elementor-widget elementor-widget-wp-widget-text\" data-id=\"524f841\" data-element_type=\"widget\" data-widget_type=\"wp-widget-text.default\">\n\t\t\t\t<div class=\"elementor-widget-container\">\n\t\t\t\t\t\t<div class=\"textwidget\"><p><span style=\"color: #000000\">Die Italienerin wechselt vom ersten Gegner der n\u00e4chsten Saison, der TTG Bingen\/M\u00fcnster-Sarmsheim zum TTC 46 Weinheim und wird sich am 11. September mit ihren alten Teamkolleginnen messen d\u00fcrfen.<br \/>\nGiorgia wurde am 15.01.1996 in Bozen geboren. Zun\u00e4chst spielte sie f\u00fcr Vereine in ihrer Heimat, von 2007 bis 2015 in Tramin, dann 3 Jahre in Cortemaggiore. Zur Saison 2018\/2019 schloss sie sich der damals schon in der 1. Bundesliga aufschlagenden TTG Bingen\/M\u00fcnster-Sarmsheim an, wo sie schon einmal mit Yuan Wan in einem Team zusammen spielte und mit einer leicht positiven Bilanz an Position 4 die Saison abschloss<\/p>\n<p align=\"Right\"><a href=\"https:\/\/ttc1946weinheim.de\/?page_id=4031\"><strong>weiterlesen<\/strong><\/a><\/p>\n<\/div>\n\t\t\t\t<\/div>\n\t\t\t\t<\/div>\n\t\t\t\t\t<\/div>\n\t\t<\/div>\n\t\t\t\t\t<\/div>\n\t\t<\/section>\n\t\t\t\t<section class=\"elementor-section elementor-top-section elementor-element elementor-element-272f6df elementor-section-boxed elementor-section-height-default elementor-section-height-default\" data-id=\"272f6df\" data-element_type=\"section\">\n\t\t\t\t\t\t<div class=\"elementor-container elementor-column-gap-default\">\n\t\t\t\t\t<div class=\"elementor-column elementor-col-33 elementor-top-column elementor-element elementor-element-ba67aaa\" data-id=\"ba67aaa\" data-element_type=\"column\">\n\t\t\t<div class=\"elementor-widget-wrap elementor-element-populated\">\n\t\t\t\t\t\t<div class=\"elementor-element elementor-element-43a28f8 elementor-widget elementor-widget-image\" data-id=\"43a28f8\" data-element_type=\"widget\" data-widget_type=\"image.default\">\n\t\t\t\t<div class=\"elementor-widget-container\">\n\t\t\t\t\t\t\t\t\t\t\t\t\t<img loading=\"lazy\" decoding=\"async\" width=\"300\" height=\"330\" src=\"https:\/\/ttc1946weinheim.de\/wp-content\/uploads\/2022\/09\/S_KLee.jpg\" class=\"attachment-large size-large wp-image-4083\" alt=\"\" srcset=\"https:\/\/ttc1946weinheim.de\/wp-content\/uploads\/2022\/09\/S_KLee.jpg 300w, https:\/\/ttc1946weinheim.de\/wp-content\/uploads\/2022\/09\/S_KLee-273x300.jpg 273w\" sizes=\"(max-width: 300px) 100vw, 300px\" \/>\t\t\t\t\t\t\t\t\t\t\t\t\t<\/div>\n\t\t\t\t<\/div>\n\t\t\t\t\t<\/div>\n\t\t<\/div>\n\t\t\t\t<div class=\"elementor-column elementor-col-33 elementor-top-column elementor-element elementor-element-02a6ac5\" data-id=\"02a6ac5\" data-element_type=\"column\">\n\t\t\t<div class=\"elementor-widget-wrap elementor-element-populated\">\n\t\t\t\t\t\t<div class=\"elementor-element elementor-element-cb67998 elementor-drop-cap-yes elementor-drop-cap-view-default elementor-widget elementor-widget-text-editor\" data-id=\"cb67998\" data-element_type=\"widget\" data-settings=\"{&quot;drop_cap&quot;:&quot;yes&quot;}\" data-widget_type=\"text-editor.default\">\n\t\t\t\t<div class=\"elementor-widget-container\">\n\t\t\t\t\t\t\t<p><span style=\"color: #000000;\"><strong>Name: Sophia Klee<br \/><\/strong>Geboren: 08.05.2003 in Kassel<\/span><br \/><span style=\"color: #000000;\">Nationalit\u00e4t: deutsch<\/span><br \/><span style=\"color: #000000;\">QTTR\u00a0\u00a0 2090<\/span><br \/><span style=\"color: #000000;\">Gr\u00f6\u00dfe: 168 cm<\/span><br \/><span style=\"color: #000000;\">Wohnort: Niestetal<\/span><br \/><span style=\"color: #000000;\">Bisherige Vereine:<\/span><br \/><span style=\"color: #000000;\">\u00a0\u00a0\u00a0 SC Niestetal, TTC Bad Driburg, ESV Weil<\/span><span style=\"color: #000000;\">\u00a0\u00a0\u00a0 <\/span><br \/><span style=\"color: #000000;\">Spielertyp:<\/span><br \/><span style=\"color: #000000;\">\u00a0\u00a0\u00a0 Angriff, Shakehand, Rechtsh\u00e4nderin<\/span><br \/><span style=\"color: #000000;\">Erfolge:<\/span><br \/><span style=\"color: #000000;\">\u00a0\u00a0 Viertelfinale Deutsche Meisterschaften Damen Einzel 2019<br \/><\/span><span style=\"color: #000000;\"><strong>International<br \/><\/strong>\u00a0\u00a0 <\/span><span style=\"color: #000000;\">\u00a0\u00a0 Achtelfinale U21 EM 2019, 2020<\/span><\/p>\t\t\t\t\t\t<\/div>\n\t\t\t\t<\/div>\n\t\t\t\t\t<\/div>\n\t\t<\/div>\n\t\t\t\t<div class=\"elementor-column elementor-col-33 elementor-top-column elementor-element elementor-element-33706e0\" data-id=\"33706e0\" data-element_type=\"column\">\n\t\t\t<div class=\"elementor-widget-wrap\">\n\t\t\t\t\t\t\t<\/div>\n\t\t<\/div>\n\t\t\t\t\t<\/div>\n\t\t<\/section>\n\t\t\t\t<section class=\"elementor-section elementor-top-section elementor-element elementor-element-f2c381c elementor-section-boxed elementor-section-height-default elementor-section-height-default\" data-id=\"f2c381c\" data-element_type=\"section\">\n\t\t\t\t\t\t<div class=\"elementor-container elementor-column-gap-default\">\n\t\t\t\t\t<div class=\"elementor-column elementor-col-50 elementor-top-column elementor-element elementor-element-dff946b\" data-id=\"dff946b\" data-element_type=\"column\">\n\t\t\t<div class=\"elementor-widget-wrap elementor-element-populated\">\n\t\t\t\t\t\t<div class=\"elementor-element elementor-element-2825326 elementor-widget elementor-widget-image\" data-id=\"2825326\" data-element_type=\"widget\" data-widget_type=\"image.default\">\n\t\t\t\t<div class=\"elementor-widget-container\">\n\t\t\t\t\t\t\t\t\t\t\t\t\t<img loading=\"lazy\" decoding=\"async\" width=\"300\" height=\"330\" src=\"https:\/\/ttc1946weinheim.de\/wp-content\/uploads\/2022\/09\/L_Saeger.jpg\" class=\"attachment-large size-large wp-image-4081\" alt=\"\" srcset=\"https:\/\/ttc1946weinheim.de\/wp-content\/uploads\/2022\/09\/L_Saeger.jpg 300w, https:\/\/ttc1946weinheim.de\/wp-content\/uploads\/2022\/09\/L_Saeger-273x300.jpg 273w\" sizes=\"(max-width: 300px) 100vw, 300px\" \/>\t\t\t\t\t\t\t\t\t\t\t\t\t<\/div>\n\t\t\t\t<\/div>\n\t\t\t\t\t<\/div>\n\t\t<\/div>\n\t\t\t\t<div class=\"elementor-column elementor-col-50 elementor-top-column elementor-element elementor-element-4080864\" data-id=\"4080864\" data-element_type=\"column\">\n\t\t\t<div class=\"elementor-widget-wrap elementor-element-populated\">\n\t\t\t\t\t\t<div class=\"elementor-element elementor-element-61aa324 elementor-widget elementor-widget-text-editor\" data-id=\"61aa324\" data-element_type=\"widget\" data-widget_type=\"text-editor.default\">\n\t\t\t\t<div class=\"elementor-widget-container\">\n\t\t\t\t\t\t\t<p><span style=\"color: #000000;\"><strong>Name: Luisa S\u00e4ger<\/strong><\/span><br \/><span style=\"color: #000000;\">Geboren: 10.08.1999 in Weinheim<\/span><br \/><span style=\"color: #000000;\">Nationalit\u00e4t: deutsch<\/span><br \/><span style=\"color: #000000;\">QTTR\u00a0\u00a0 2045<\/span><br \/><span style=\"color: #000000;\">Gr\u00f6\u00dfe: 173 cm<\/span><br \/><span style=\"color: #000000;\">Wohnort: Weinheim<\/span><br \/><span style=\"color: #000000;\">Bisherige Vereine:<\/span><br \/><span style=\"color: #000000;\">\u00a0\u00a0\u00a0 TTC Weinheim, NSU Neckarsulm, DJK Offenburg<\/span><br \/><span style=\"color: #000000;\">Spielertyp:<\/span><br \/><span style=\"color: #000000;\">\u00a0\u00a0\u00a0 Angriff, Shakehand, Rechtsh\u00e4nderin<\/span><br \/><span style=\"color: #000000;\">Erfolge national: <\/span><br \/><span style=\"color: #000000;\">\u00a0\u00a0\u00a0\u00a0 Dt. Meisterin M\u00e4dchen 2015,<\/span><br \/><span style=\"color: #000000;\">\u00a0\u00a0\u00a0\u00a0 DTTB TOP 12 Siegerin 2017<\/span><br \/><span style=\"color: #000000;\">\u00a0\u00a0\u00a0\u00a0 DM 2018 Bronze Doppel mit Jennie Wolf<br \/>\u00a0\u00a0\u00a0\u00a0 DM 2019 Silber Doppel mit Hajok<\/span><br \/><span style=\"color: #000000;\">International: <\/span><br \/><span style=\"color: #000000;\">\u00a0\u00a0 JEM Doppel\u00a0 3. Platz 2015 <\/span><br \/><span style=\"color: #000000;\">\u00a0\u00a0 JWM 2016 in Kapstadt<\/span><br \/><span style=\"color: #000000;\">\u00a0\u00a0 JEM Doppel 3. Platz 2017<\/span><\/p>\t\t\t\t\t\t<\/div>\n\t\t\t\t<\/div>\n\t\t\t\t\t<\/div>\n\t\t<\/div>\n\t\t\t\t\t<\/div>\n\t\t<\/section>\n\t\t\t\t<section class=\"elementor-section elementor-top-section elementor-element elementor-element-f478c7e elementor-section-boxed elementor-section-height-default elementor-section-height-default\" data-id=\"f478c7e\" data-element_type=\"section\">\n\t\t\t\t\t\t<div class=\"elementor-container elementor-column-gap-default\">\n\t\t\t\t\t<div class=\"elementor-column elementor-col-100 elementor-top-column elementor-element elementor-element-b74be8b\" data-id=\"b74be8b\" data-element_type=\"column\">\n\t\t\t<div class=\"elementor-widget-wrap\">\n\t\t\t\t\t\t\t<\/div>\n\t\t<\/div>\n\t\t\t\t\t<\/div>\n\t\t<\/section>\n\t\t\t\t<section class=\"elementor-section elementor-top-section elementor-element elementor-element-2ed3682 elementor-section-boxed elementor-section-height-default elementor-section-height-default\" data-id=\"2ed3682\" data-element_type=\"section\">\n\t\t\t\t\t\t<div class=\"elementor-container elementor-column-gap-default\">\n\t\t\t\t\t<div class=\"elementor-column elementor-col-50 elementor-top-column elementor-element elementor-element-c28bf5c\" data-id=\"c28bf5c\" data-element_type=\"column\">\n\t\t\t<div class=\"elementor-widget-wrap elementor-element-populated\">\n\t\t\t\t\t\t<div class=\"elementor-element elementor-element-32eccee elementor-widget elementor-widget-image\" data-id=\"32eccee\" data-element_type=\"widget\" data-widget_type=\"image.default\">\n\t\t\t\t<div class=\"elementor-widget-container\">\n\t\t\t\t\t\t\t\t\t\t\t\t\t<img loading=\"lazy\" decoding=\"async\" width=\"300\" height=\"330\" src=\"https:\/\/ttc1946weinheim.de\/wp-content\/uploads\/2022\/09\/J_Wolf.jpg\" class=\"attachment-full size-full wp-image-4080\" alt=\"\" srcset=\"https:\/\/ttc1946weinheim.de\/wp-content\/uploads\/2022\/09\/J_Wolf.jpg 300w, https:\/\/ttc1946weinheim.de\/wp-content\/uploads\/2022\/09\/J_Wolf-273x300.jpg 273w\" sizes=\"(max-width: 300px) 100vw, 300px\" \/>\t\t\t\t\t\t\t\t\t\t\t\t\t<\/div>\n\t\t\t\t<\/div>\n\t\t\t\t\t<\/div>\n\t\t<\/div>\n\t\t\t\t<div class=\"elementor-column elementor-col-50 elementor-top-column elementor-element elementor-element-f2b1803\" data-id=\"f2b1803\" data-element_type=\"column\">\n\t\t\t<div class=\"elementor-widget-wrap elementor-element-populated\">\n\t\t\t\t\t\t<div class=\"elementor-element elementor-element-3a501a5 elementor-widget elementor-widget-text-editor\" data-id=\"3a501a5\" data-element_type=\"widget\" data-widget_type=\"text-editor.default\">\n\t\t\t\t<div class=\"elementor-widget-container\">\n\t\t\t\t\t\t\t<p><span style=\"color: #000000;\"><strong>Name: Jennie Wolf<\/strong><\/span><br \/><span style=\"color: #000000;\">Geboren: 05.05.1999 in Pforzheim<\/span><br \/><span style=\"color: #000000;\">Nationalit\u00e4t: deutsch<\/span><br \/><span style=\"color: #000000;\">QTTR\u00a0\u00a0 2023<br \/><\/span><span style=\"color: #000000;\">Gr\u00f6\u00dfe: 183 cm<\/span><br \/><span style=\"color: #000000;\">Wohnort: K\u00e4mpfelbach<\/span><br \/><span style=\"color: #000000;\">Bisherige Vereine:<\/span><br \/><span style=\"color: #000000;\">\u00a0\u00a0 TTC Ersingen, TV Busenbach<\/span><br \/><span style=\"color: #000000;\">Spielertyp: <\/span><br \/><span style=\"color: #000000;\">\u00a0\u00a0 Angriff, Shakehand, Rechtsh\u00e4nderin<\/span><br \/><span style=\"color: #000000;\">Erfolge national: <\/span><br \/><span style=\"color: #000000;\">\u00a0\u00a0 DM 2018 Bronze Doppel mit Luisa S\u00e4ger<\/span><\/p><p><span style=\"color: #000000;\">\u00a0 <\/span><\/p>\t\t\t\t\t\t<\/div>\n\t\t\t\t<\/div>\n\t\t\t\t\t<\/div>\n\t\t<\/div>\n\t\t\t\t\t<\/div>\n\t\t<\/section>\n\t\t\t\t<section class=\"elementor-section elementor-top-section elementor-element elementor-element-6960f18 elementor-section-boxed elementor-section-height-default elementor-section-height-default\" data-id=\"6960f18\" data-element_type=\"section\">\n\t\t\t\t\t\t<div class=\"elementor-container elementor-column-gap-default\">\n\t\t\t\t\t<div class=\"elementor-column elementor-col-50 elementor-top-column elementor-element elementor-element-bbab005\" data-id=\"bbab005\" data-element_type=\"column\">\n\t\t\t<div class=\"elementor-widget-wrap\">\n\t\t\t\t\t\t\t<\/div>\n\t\t<\/div>\n\t\t\t\t<div class=\"elementor-column elementor-col-50 elementor-top-column elementor-element elementor-element-0eb08b2\" data-id=\"0eb08b2\" data-element_type=\"column\">\n\t\t\t<div class=\"elementor-widget-wrap elementor-element-populated\">\n\t\t\t\t\t\t\t<\/div>\n\t\t<\/div>\n\t\t\t\t\t<\/div>\n\t\t<\/section>\n\t\t\t\t<section class=\"elementor-section elementor-top-section elementor-element elementor-element-3f538de elementor-section-boxed elementor-section-height-default elementor-section-height-default\" data-id=\"3f538de\" data-element_type=\"section\">\n\t\t\t\t\t\t<div class=\"elementor-container elementor-column-gap-default\">\n\t\t\t\t\t<div class=\"elementor-column elementor-col-50 elementor-top-column elementor-element elementor-element-2ce1daf\" data-id=\"2ce1daf\" data-element_type=\"column\">\n\t\t\t<div class=\"elementor-widget-wrap elementor-element-populated\">\n\t\t\t\t\t\t<div class=\"elementor-element elementor-element-3b55bfc elementor-widget elementor-widget-image\" data-id=\"3b55bfc\" data-element_type=\"widget\" data-widget_type=\"image.default\">\n\t\t\t\t<div class=\"elementor-widget-container\">\n\t\t\t\t\t\t\t\t\t\t\t\t\t<img loading=\"lazy\" decoding=\"async\" width=\"300\" height=\"330\" src=\"https:\/\/ttc1946weinheim.de\/wp-content\/uploads\/2022\/09\/A_Doerner.jpg\" class=\"attachment-large size-large wp-image-4086\" alt=\"\" srcset=\"https:\/\/ttc1946weinheim.de\/wp-content\/uploads\/2022\/09\/A_Doerner.jpg 300w, https:\/\/ttc1946weinheim.de\/wp-content\/uploads\/2022\/09\/A_Doerner-273x300.jpg 273w\" sizes=\"(max-width: 300px) 100vw, 300px\" \/>\t\t\t\t\t\t\t\t\t\t\t\t\t<\/div>\n\t\t\t\t<\/div>\n\t\t\t\t\t<\/div>\n\t\t<\/div>\n\t\t\t\t<div class=\"elementor-column elementor-col-50 elementor-top-column elementor-element elementor-element-ecd5079\" data-id=\"ecd5079\" data-element_type=\"column\">\n\t\t\t<div class=\"elementor-widget-wrap elementor-element-populated\">\n\t\t\t\t\t\t<div class=\"elementor-element elementor-element-d2afc40 elementor-widget elementor-widget-text-editor\" data-id=\"d2afc40\" data-element_type=\"widget\" data-widget_type=\"text-editor.default\">\n\t\t\t\t<div class=\"elementor-widget-container\">\n\t\t\t\t\t\t\t<h5><span style=\"color: #000000;\"><strong>Trainer des Damenteams:<\/strong><\/span><\/h5><p><span style=\"color: #000000;\"><strong>Name: Andreas D\u00f6rner<\/strong><\/span><\/p><p><span style=\"color: #000000;\">geboren am 08.01.1987 in Sinsheim<\/span><\/p><p><span style=\"color: #000000;\">H\u00f6chste Spielklasse Herren: Verbandsklasse (2017)<br \/>Mit 16 Jahren Einstieg als Jugendtrainer bei der TTG Neckarbischofsheim<br \/><\/span><span style=\"color: #000000;\">Fast 15 Jahre Jugendtrainer bei der TTG und teilweise Jugendleiter<br \/><\/span><span style=\"color: #000000;\"><u>Gr\u00f6\u00dfte Erfolge als Vereinstrainer:<\/u> Mehrfach Meister in der h\u00f6chsten badischen Spielklasse (Verbandsliga), mehrere Titel bei BaW\u00fc-Ranglisten und Meisterschaften<br \/><\/span><\/p><p><span style=\"color: #000000;\">C-Lizenz 2011, <\/span><span style=\"color: #000000;\">B-Lizenz 2012, <\/span><span style=\"color: #000000;\">A-Lizenz 2016<br \/><\/span><span style=\"color: #000000;\">Trainer am Landesst\u00fctzpunkt Heilbronn ab 2006<br \/><\/span><span style=\"color: #000000;\">\u00dcbernahme der Leitung am Landesst\u00fctzpunkt Heilbronn ab 2015 bis heute:<\/span><\/p><p><span style=\"color: #000000;\"><u>Spieler:<\/u> Lisa Mayer, Tom Mayer, Kathrin Hessenthaler, Alexandra und Annett Kaufmann, Wenna Tu, Felicia Behringer, Melissa Friedrich, Lucia Behringer, Minh-Thao Nguyen,&#8230;<\/span><\/p><p>\u00a0<\/p>\t\t\t\t\t\t<\/div>\n\t\t\t\t<\/div>\n\t\t\t\t\t<\/div>\n\t\t<\/div>\n\t\t\t\t\t<\/div>\n\t\t<\/section>\n\t\t\t\t<\/div>\n\t\t","protected":false},"excerpt":{"rendered":"<p>Aktuelle Tabelle der 1. Bundesliga der Damen \u00a0 Die Damenmannschaft in der 1.Bundesliga 2022\/23 Name: Bruna TakahashiGeboren: 19.07.2000 in S\u00e3o Bernardo do Campo, S\u00e3o PauloNationalit\u00e4t: BrasilienQTTR\u00a0\u00a0 2273\u00a0\u00a0 Weltrangliste Nr. 19Gr\u00f6\u00dfe: 170 cmWohnort:\u00a0 Bisherige Vereine: \u00a0\u00a0 Sporting Lissabon\u00a0\u00a0 2. Saison beim <a class=\"more-link\" href=\"https:\/\/ttc1946weinheim.de\/?page_id=3722\">weiterlesen&#8230;<\/a><\/p>\n","protected":false},"author":1,"featured_media":0,"parent":0,"menu_order":0,"comment_status":"closed","ping_status":"closed","template":"elementor_header_footer","meta":[],"_links":{"self":[{"href":"https:\/\/ttc1946weinheim.de\/index.php?rest_route=\/wp\/v2\/pages\/3722"}],"collection":[{"href":"https:\/\/ttc1946weinheim.de\/index.php?rest_route=\/wp\/v2\/pages"}],"about":[{"href":"https:\/\/ttc1946weinheim.de\/index.php?rest_route=\/wp\/v2\/types\/page"}],"author":[{"embeddable":true,"href":"https:\/\/ttc1946weinheim.de\/index.php?rest_route=\/wp\/v2\/users\/1"}],"replies":[{"embeddable":true,"href":"https:\/\/ttc1946weinheim.de\/index.php?rest_route=%2Fwp%2Fv2%2Fcomments&post=3722"}],"version-history":[{"count":51,"href":"https:\/\/ttc1946weinheim.de\/index.php?rest_route=\/wp\/v2\/pages\/3722\/revisions"}],"predecessor-version":[{"id":4633,"href":"https:\/\/ttc1946weinheim.de\/index.php?rest_route=\/wp\/v2\/pages\/3722\/revisions\/4633"}],"wp:attachment":[{"href":"https:\/\/ttc1946weinheim.de\/index.php?rest_route=%2Fwp%2Fv2%2Fmedia&parent=3722"}],"curies":[{"name":"wp","href":"https:\/\/api.w.org\/{rel}","templated":true}]}}